{"id":196,"date":"2022-10-26T08:10:16","date_gmt":"2022-10-26T08:10:16","guid":{"rendered":"https:\/\/ulukokkursun.com\/?post_type=nproject&#038;p=196"},"modified":"2024-01-13T14:06:50","modified_gmt":"2024-01-13T14:06:50","slug":"edirne-selimiye-cami-kursun-levha-temini","status":"publish","type":"nproject","link":"https:\/\/ulukokkursun.com\/index.php\/referanslarimiz\/edirne-selimiye-cami-kursun-levha-temini\/","title":{"rendered":"Edirne Selimiye Cami Kur\u015fun Levha Temini"},"content":{"rendered":"<p>[vc_row][vc_column width=&#8221;1\/6&#8243;][\/vc_column][vc_column width=&#8221;2\/3&#8243;][vc_row_inner][vc_column_inner width=&#8221;1\/4&#8243;][vc_column_text]<\/p>\n<h3 style=\"font-size: 18px; margin-top: 5px;\">Edirne Selimiye Cami Kur\u015fun Levha Temini<\/h3>\n<p>[\/vc_column_text][\/vc_column_inner][vc_column_inner width=&#8221;3\/4&#8243;][vc_column_text]<\/p>\n<p>Selimiye Camisi, Mimar Sinan\u2018\u0131n 80 ya\u015f\u0131nda yapt\u0131\u011f\u0131 ve \u2018\u2018ustal\u0131k eserim\u2018\u2018 dedi\u011fi an\u0131tsal yap\u0131 T\u00fcrk-Osmanl\u0131 sanat\u0131n\u0131n ve d\u00fcnya mimarl\u0131k tarihinin en \u00f6nemli eserlerinden biri olarak kabul ediliyor.<\/p>\n<p>Kuruldu\u011fu yer a\u00e7\u0131s\u0131ndan Edirne\u2018nin her taraf\u0131na hakim b\u00f6lgede olan cami 1569-1575 y\u0131llar\u0131 aras\u0131nda II. Sultan Selim taraf\u0131ndan Mimar Sinan\u2018a yapt\u0131r\u0131ld\u0131.<\/p>\n<p>Kesme ta\u015ftan in\u015fa edilen ve 1620 metre kare olan cami, 2475 metrelik alan \u00fczerinde bulunuyor. Selimiye Cami, yerden y\u00fcksekli\u011fi 43.28 metre ve 31.30 metre \u00e7ap\u0131ndaki kubbesiyle g\u00f6renleri hayran b\u0131rak\u0131yor. (<a href=\"https:\/\/www.milligazete.com.tr\/haber\/1096261\/selimiyenin-kursun-levhalari-onariliyor\">Kaynak<\/a>)<\/p>\n<p>Mimar Sinan Selimiye Camisi i\u00e7in 350 ton kur\u015fun kullanm\u0131\u015f <a href=\"https:\/\/www.arkeolojikhaber.com\/haber-mimar-sinan-selimiye-camisi-icin-350-ton-kursun-kullanmis-21478\/\">(Kaynak).<\/a><\/p>\n<p>Selimiye Camisi&#8217;nin kur\u015fun alanlar\u0131ndaki tespit, onar\u0131mlar\u0131 ve periyodik kur\u015fun bak\u0131m i\u015flemleri firmam\u0131z <a href=\"https:\/\/ulukokkursun.com\">Uluk\u00f6k Kur\u015fun<\/a> taraf\u0131ndan yap\u0131lm\u0131\u015ft\u0131r.<\/p>\n<p>&nbsp;<\/p>\n<p><strong>Camilerde Kur\u015fun Levha Standart \u00d6l\u00e7\u00fc ve A\u011f\u0131rl\u0131klar\u0131<\/strong><\/p>\n<ul>\n<li>100 cm x 160 cm x 1,5 mm = 28 kg<\/li>\n<li>100 cm x 160 cm x 1,7 mm = 32 kg<\/li>\n<li>100 cm x 160 cm x 2 mm = 37 kg<\/li>\n<li>100 cm x 200 cm x 1,5 mm = 34 kg<\/li>\n<li>100 cm x 200 cm x 1,7 mm = 38 kg<\/li>\n<li>100 cm x 200 cm x 2 mm = 46 kg<\/li>\n<\/ul>\n<p>[\/vc_column_text][\/vc_column_inner][\/vc_row_inner][vc_empty_space height=&#8221;40px&#8221;][vc_row_inner][vc_column_inner width=&#8221;1\/4&#8243;][vc_column_text]<\/p>\n","protected":false},"excerpt":{"rendered":"<p>[vc_row][vc_column width=&#8221;1\/6&#8243;][\/vc_column][vc_column width=&#8221;2\/3&#8243;][vc_row_inner][vc_column_inner width=&#8221;1\/4&#8243;][vc_column_text] Edirne Selimiye Cami Kur\u015fun Levha Temini [\/vc_column_text][\/vc_column_inner][vc_column_inner width=&#8221;3\/4&#8243;][vc_column_text] Selimiye Camisi, Mimar Sinan\u2018\u0131n 80 ya\u015f\u0131nda yapt\u0131\u011f\u0131 ve \u2018\u2018ustal\u0131k eserim\u2018\u2018 dedi\u011fi an\u0131tsal yap\u0131 T\u00fcrk-Osmanl\u0131 sanat\u0131n\u0131n ve d\u00fcnya mimarl\u0131k tarihinin en \u00f6nemli eserlerinden biri olarak kabul ediliyor. Kuruldu\u011fu yer a\u00e7\u0131s\u0131ndan Edirne\u2018nin her taraf\u0131na hakim b\u00f6lgede olan cami 1569-1575 y\u0131llar\u0131 aras\u0131nda II. Sultan Selim taraf\u0131ndan [&hellip;]<\/p>\n","protected":false},"featured_media":768,"template":"","nproject-category":[43],"nproject-tag":[65,64,63],"class_list":["post-196","nproject","type-nproject","status-publish","has-post-thumbnail","hentry","nproject-category-kursun-levha","nproject-tag-cami-kursun-levha","nproject-tag-kursun-levha","nproject-tag-selimiye-cami"],"yoast_head":"<!-- This site is optimized with the Yoast SEO plugin v26.5 - https:\/\/yoast.com\/wordpress\/plugins\/seo\/ -->\n<title>Edirne Selimiye Cami Kur\u015fun Levha Temini - Uluk\u00f6k Kur\u015fun<\/title>\n<meta name=\"description\" content=\"Selimiye Cami kur\u015fun alanlar\u0131ndaki tespit ve onar\u0131mlar\u0131 ve periyodik kur\u015fun bak\u0131m i\u015flemleri firmam\u0131z Uluk\u00f6k Kur\u015fun taraf\u0131ndan yap\u0131lm\u0131\u015ft\u0131r.\" \/>\n<meta name=\"robots\" content=\"index, follow, max-snippet:-1, max-image-preview:large, max-video-preview:-1\" \/>\n<link rel=\"canonical\" href=\"https:\/\/ulukokkursun.com\/index.php\/referanslarimiz\/edirne-selimiye-cami-kursun-levha-temini\/\" \/>\n<meta property=\"og:locale\" content=\"tr_TR\" \/>\n<meta property=\"og:type\" content=\"article\" \/>\n<meta property=\"og:title\" content=\"Edirne Selimiye Cami Kur\u015fun Levha Temini - Uluk\u00f6k Kur\u015fun\" \/>\n<meta property=\"og:description\" content=\"Selimiye Cami kur\u015fun alanlar\u0131ndaki tespit ve onar\u0131mlar\u0131 ve periyodik kur\u015fun bak\u0131m i\u015flemleri firmam\u0131z Uluk\u00f6k Kur\u015fun taraf\u0131ndan yap\u0131lm\u0131\u015ft\u0131r.\" \/>\n<meta property=\"og:url\" content=\"https:\/\/ulukokkursun.com\/index.php\/referanslarimiz\/edirne-selimiye-cami-kursun-levha-temini\/\" \/>\n<meta property=\"og:site_name\" content=\"Uluk\u00f6k Kur\u015fun\" \/>\n<meta property=\"article:modified_time\" content=\"2024-01-13T14:06:50+00:00\" \/>\n<meta property=\"og:image\" content=\"https:\/\/ulukokkursun.com\/wp-content\/uploads\/2022\/10\/1.jpg\" \/>\n\t<meta property=\"og:image:width\" content=\"1440\" \/>\n\t<meta property=\"og:image:height\" content=\"1753\" \/>\n\t<meta property=\"og:image:type\" content=\"image\/jpeg\" \/>\n<meta name=\"twitter:card\" content=\"summary_large_image\" \/>\n<meta name=\"twitter:label1\" content=\"Tahmini okuma s\u00fcresi\" \/>\n\t<meta name=\"twitter:data1\" content=\"2 dakika\" \/>\n<script type=\"application\/ld+json\" class=\"yoast-schema-graph\">{\"@context\":\"https:\/\/schema.org\",\"@graph\":[{\"@type\":\"WebPage\",\"@id\":\"https:\/\/ulukokkursun.com\/index.php\/referanslarimiz\/edirne-selimiye-cami-kursun-levha-temini\/\",\"url\":\"https:\/\/ulukokkursun.com\/index.php\/referanslarimiz\/edirne-selimiye-cami-kursun-levha-temini\/\",\"name\":\"Edirne Selimiye Cami Kur\u015fun Levha Temini - Uluk\u00f6k Kur\u015fun\",\"isPartOf\":{\"@id\":\"https:\/\/ulukokkursun.com\/#website\"},\"primaryImageOfPage\":{\"@id\":\"https:\/\/ulukokkursun.com\/index.php\/referanslarimiz\/edirne-selimiye-cami-kursun-levha-temini\/#primaryimage\"},\"image\":{\"@id\":\"https:\/\/ulukokkursun.com\/index.php\/referanslarimiz\/edirne-selimiye-cami-kursun-levha-temini\/#primaryimage\"},\"thumbnailUrl\":\"https:\/\/ulukokkursun.com\/wp-content\/uploads\/2022\/10\/1.jpg\",\"datePublished\":\"2022-10-26T08:10:16+00:00\",\"dateModified\":\"2024-01-13T14:06:50+00:00\",\"description\":\"Selimiye Cami kur\u015fun alanlar\u0131ndaki tespit ve onar\u0131mlar\u0131 ve periyodik kur\u015fun bak\u0131m i\u015flemleri firmam\u0131z Uluk\u00f6k Kur\u015fun taraf\u0131ndan yap\u0131lm\u0131\u015ft\u0131r.\",\"breadcrumb\":{\"@id\":\"https:\/\/ulukokkursun.com\/index.php\/referanslarimiz\/edirne-selimiye-cami-kursun-levha-temini\/#breadcrumb\"},\"inLanguage\":\"tr\",\"potentialAction\":[{\"@type\":\"ReadAction\",\"target\":[\"https:\/\/ulukokkursun.com\/index.php\/referanslarimiz\/edirne-selimiye-cami-kursun-levha-temini\/\"]}]},{\"@type\":\"ImageObject\",\"inLanguage\":\"tr\",\"@id\":\"https:\/\/ulukokkursun.com\/index.php\/referanslarimiz\/edirne-selimiye-cami-kursun-levha-temini\/#primaryimage\",\"url\":\"https:\/\/ulukokkursun.com\/wp-content\/uploads\/2022\/10\/1.jpg\",\"contentUrl\":\"https:\/\/ulukokkursun.com\/wp-content\/uploads\/2022\/10\/1.jpg\",\"width\":1440,\"height\":1753,\"caption\":\"Edirne Selimiye Kur\u015fun Levha Temini\"},{\"@type\":\"BreadcrumbList\",\"@id\":\"https:\/\/ulukokkursun.com\/index.php\/referanslarimiz\/edirne-selimiye-cami-kursun-levha-temini\/#breadcrumb\",\"itemListElement\":[{\"@type\":\"ListItem\",\"position\":1,\"name\":\"Anasayfa\",\"item\":\"https:\/\/ulukokkursun.com\/\"},{\"@type\":\"ListItem\",\"position\":2,\"name\":\"Projects\",\"item\":\"https:\/\/ulukokkursun.com\/index.php\/referanslarimiz\/\"},{\"@type\":\"ListItem\",\"position\":3,\"name\":\"Edirne Selimiye Cami Kur\u015fun Levha Temini\"}]},{\"@type\":\"WebSite\",\"@id\":\"https:\/\/ulukokkursun.com\/#website\",\"url\":\"https:\/\/ulukokkursun.com\/\",\"name\":\"Uluk\u00f6k Kur\u015fun\",\"description\":\"Huda Ak\u00fc, Kur\u015fun Levha\",\"potentialAction\":[{\"@type\":\"SearchAction\",\"target\":{\"@type\":\"EntryPoint\",\"urlTemplate\":\"https:\/\/ulukokkursun.com\/?s={search_term_string}\"},\"query-input\":{\"@type\":\"PropertyValueSpecification\",\"valueRequired\":true,\"valueName\":\"search_term_string\"}}],\"inLanguage\":\"tr\"}]}<\/script>\n<!-- \/ Yoast SEO plugin. -->","yoast_head_json":{"title":"Edirne Selimiye Cami Kur\u015fun Levha Temini - Uluk\u00f6k Kur\u015fun","description":"Selimiye Cami kur\u015fun alanlar\u0131ndaki tespit ve onar\u0131mlar\u0131 ve periyodik kur\u015fun bak\u0131m i\u015flemleri firmam\u0131z Uluk\u00f6k Kur\u015fun taraf\u0131ndan yap\u0131lm\u0131\u015ft\u0131r.","robots":{"index":"index","follow":"follow","max-snippet":"max-snippet:-1","max-image-preview":"max-image-preview:large","max-video-preview":"max-video-preview:-1"},"canonical":"https:\/\/ulukokkursun.com\/index.php\/referanslarimiz\/edirne-selimiye-cami-kursun-levha-temini\/","og_locale":"tr_TR","og_type":"article","og_title":"Edirne Selimiye Cami Kur\u015fun Levha Temini - Uluk\u00f6k Kur\u015fun","og_description":"Selimiye Cami kur\u015fun alanlar\u0131ndaki tespit ve onar\u0131mlar\u0131 ve periyodik kur\u015fun bak\u0131m i\u015flemleri firmam\u0131z Uluk\u00f6k Kur\u015fun taraf\u0131ndan yap\u0131lm\u0131\u015ft\u0131r.","og_url":"https:\/\/ulukokkursun.com\/index.php\/referanslarimiz\/edirne-selimiye-cami-kursun-levha-temini\/","og_site_name":"Uluk\u00f6k Kur\u015fun","article_modified_time":"2024-01-13T14:06:50+00:00","og_image":[{"width":1440,"height":1753,"url":"https:\/\/ulukokkursun.com\/wp-content\/uploads\/2022\/10\/1.jpg","type":"image\/jpeg"}],"twitter_card":"summary_large_image","twitter_misc":{"Tahmini okuma s\u00fcresi":"2 dakika"},"schema":{"@context":"https:\/\/schema.org","@graph":[{"@type":"WebPage","@id":"https:\/\/ulukokkursun.com\/index.php\/referanslarimiz\/edirne-selimiye-cami-kursun-levha-temini\/","url":"https:\/\/ulukokkursun.com\/index.php\/referanslarimiz\/edirne-selimiye-cami-kursun-levha-temini\/","name":"Edirne Selimiye Cami Kur\u015fun Levha Temini - Uluk\u00f6k Kur\u015fun","isPartOf":{"@id":"https:\/\/ulukokkursun.com\/#website"},"primaryImageOfPage":{"@id":"https:\/\/ulukokkursun.com\/index.php\/referanslarimiz\/edirne-selimiye-cami-kursun-levha-temini\/#primaryimage"},"image":{"@id":"https:\/\/ulukokkursun.com\/index.php\/referanslarimiz\/edirne-selimiye-cami-kursun-levha-temini\/#primaryimage"},"thumbnailUrl":"https:\/\/ulukokkursun.com\/wp-content\/uploads\/2022\/10\/1.jpg","datePublished":"2022-10-26T08:10:16+00:00","dateModified":"2024-01-13T14:06:50+00:00","description":"Selimiye Cami kur\u015fun alanlar\u0131ndaki tespit ve onar\u0131mlar\u0131 ve periyodik kur\u015fun bak\u0131m i\u015flemleri firmam\u0131z Uluk\u00f6k Kur\u015fun taraf\u0131ndan yap\u0131lm\u0131\u015ft\u0131r.","breadcrumb":{"@id":"https:\/\/ulukokkursun.com\/index.php\/referanslarimiz\/edirne-selimiye-cami-kursun-levha-temini\/#breadcrumb"},"inLanguage":"tr","potentialAction":[{"@type":"ReadAction","target":["https:\/\/ulukokkursun.com\/index.php\/referanslarimiz\/edirne-selimiye-cami-kursun-levha-temini\/"]}]},{"@type":"ImageObject","inLanguage":"tr","@id":"https:\/\/ulukokkursun.com\/index.php\/referanslarimiz\/edirne-selimiye-cami-kursun-levha-temini\/#primaryimage","url":"https:\/\/ulukokkursun.com\/wp-content\/uploads\/2022\/10\/1.jpg","contentUrl":"https:\/\/ulukokkursun.com\/wp-content\/uploads\/2022\/10\/1.jpg","width":1440,"height":1753,"caption":"Edirne Selimiye Kur\u015fun Levha Temini"},{"@type":"BreadcrumbList","@id":"https:\/\/ulukokkursun.com\/index.php\/referanslarimiz\/edirne-selimiye-cami-kursun-levha-temini\/#breadcrumb","itemListElement":[{"@type":"ListItem","position":1,"name":"Anasayfa","item":"https:\/\/ulukokkursun.com\/"},{"@type":"ListItem","position":2,"name":"Projects","item":"https:\/\/ulukokkursun.com\/index.php\/referanslarimiz\/"},{"@type":"ListItem","position":3,"name":"Edirne Selimiye Cami Kur\u015fun Levha Temini"}]},{"@type":"WebSite","@id":"https:\/\/ulukokkursun.com\/#website","url":"https:\/\/ulukokkursun.com\/","name":"Uluk\u00f6k Kur\u015fun","description":"Huda Ak\u00fc, Kur\u015fun Levha","potentialAction":[{"@type":"SearchAction","target":{"@type":"EntryPoint","urlTemplate":"https:\/\/ulukokkursun.com\/?s={search_term_string}"},"query-input":{"@type":"PropertyValueSpecification","valueRequired":true,"valueName":"search_term_string"}}],"inLanguage":"tr"}]}},"_links":{"self":[{"href":"https:\/\/ulukokkursun.com\/index.php\/wp-json\/wp\/v2\/nproject\/196","targetHints":{"allow":["GET"]}}],"collection":[{"href":"https:\/\/ulukokkursun.com\/index.php\/wp-json\/wp\/v2\/nproject"}],"about":[{"href":"https:\/\/ulukokkursun.com\/index.php\/wp-json\/wp\/v2\/types\/nproject"}],"wp:featuredmedia":[{"embeddable":true,"href":"https:\/\/ulukokkursun.com\/index.php\/wp-json\/wp\/v2\/media\/768"}],"wp:attachment":[{"href":"https:\/\/ulukokkursun.com\/index.php\/wp-json\/wp\/v2\/media?parent=196"}],"wp:term":[{"taxonomy":"nproject-category","embeddable":true,"href":"https:\/\/ulukokkursun.com\/index.php\/wp-json\/wp\/v2\/nproject-category?post=196"},{"taxonomy":"nproject-tag","embeddable":true,"href":"https:\/\/ulukokkursun.com\/index.php\/wp-json\/wp\/v2\/nproject-tag?post=196"}],"curies":[{"name":"wp","href":"https:\/\/api.w.org\/{rel}","templated":true}]}}