{"id":195,"date":"2022-10-26T08:04:38","date_gmt":"2022-10-26T08:04:38","guid":{"rendered":"https:\/\/ulukokkursun.com\/?post_type=nproject&#038;p=195"},"modified":"2022-12-05T08:17:06","modified_gmt":"2022-12-05T08:17:06","slug":"barbaros-hayrettin-pasa-cami-kursun-temini","status":"publish","type":"nproject","link":"https:\/\/ulukokkursun.com\/index.php\/referanslarimiz\/barbaros-hayrettin-pasa-cami-kursun-temini\/","title":{"rendered":"\u015eeyh \u015eaban-I Veli K\u00fclliyesi Kur\u015fun Temini"},"content":{"rendered":"<p>[vc_row][vc_column width=&#8221;1\/6&#8243;][\/vc_column][vc_column width=&#8221;2\/3&#8243;][vc_row_inner][vc_column_inner width=&#8221;1\/4&#8243;][vc_column_text]<\/p>\n<h3 style=\"font-size: 18px; margin-top: 5px;\">\u015eeyh \u015eaban-I Veli K\u00fclliyesi<\/h3>\n<p>[\/vc_column_text][\/vc_column_inner][vc_column_inner width=&#8221;3\/4&#8243;][vc_column_text]<\/p>\n<p>Seyyid S\u00fcnneti Efendi taraf\u0131ndan 1490 y\u0131l\u0131ndan \u00f6nce v\u00fccuda getirilmi\u015ftir. K\u00fclliye b\u00fcnyesinde cami, t\u00fcrbe, dergah, k\u00fct\u00fcphane, asa suyu ve \u015fad\u0131rvan ile dergah evleri mevcuttur. Kur\u015fun Kubbe \u0130htiyac\u0131n\u0131 <a href=\"https:\/\/ulukokkursun.com\/\">ULUK\u00d6K KUR\u015eUN<\/a> taraf\u0131ndan kar\u015f\u0131lanm\u0131\u015ft\u0131r.[\/vc_column_text][\/vc_column_inner][\/vc_row_inner][vc_empty_space height=&#8221;40px&#8221;][vc_row_inner][vc_column_inner width=&#8221;1\/4&#8243;][vc_column_text]<\/p>\n<p>&nbsp;<\/p>\n","protected":false},"excerpt":{"rendered":"<p>[vc_row][vc_column width=&#8221;1\/6&#8243;][\/vc_column][vc_column width=&#8221;2\/3&#8243;][vc_row_inner][vc_column_inner width=&#8221;1\/4&#8243;][vc_column_text] \u015eeyh \u015eaban-I Veli K\u00fclliyesi [\/vc_column_text][\/vc_column_inner][vc_column_inner width=&#8221;3\/4&#8243;][vc_column_text] Seyyid S\u00fcnneti Efendi taraf\u0131ndan 1490 y\u0131l\u0131ndan \u00f6nce v\u00fccuda getirilmi\u015ftir. K\u00fclliye b\u00fcnyesinde cami, t\u00fcrbe, dergah, k\u00fct\u00fcphane, asa suyu ve \u015fad\u0131rvan ile dergah evleri mevcuttur. Kur\u015fun Kubbe \u0130htiyac\u0131n\u0131 ULUK\u00d6K KUR\u015eUN taraf\u0131ndan kar\u015f\u0131lanm\u0131\u015ft\u0131r.[\/vc_column_text][\/vc_column_inner][\/vc_row_inner][vc_empty_space height=&#8221;40px&#8221;][vc_row_inner][vc_column_inner width=&#8221;1\/4&#8243;][vc_column_text] &nbsp;<\/p>\n","protected":false},"featured_media":1008,"template":"","nproject-category":[43],"nproject-tag":[],"class_list":["post-195","nproject","type-nproject","status-publish","has-post-thumbnail","hentry","nproject-category-kursun-levha"],"yoast_head":"<!-- This site is optimized with the Yoast SEO plugin v26.5 - https:\/\/yoast.com\/wordpress\/plugins\/seo\/ -->\n<title>\u015eeyh \u015eaban-I Veli K\u00fclliyesi Kur\u015fun Temini - Uluk\u00f6k Kur\u015fun<\/title>\n<meta name=\"description\" content=\"K\u00fclliye b\u00fcnyesinde cami, t\u00fcrbe, dergah, k\u00fct\u00fcphane, asa suyu ve \u015fad\u0131rvan ile dergah evleri mevcuttur. Kur\u015fun Kubbe \u0130htiyac\u0131n\u0131 ULUK\u00d6K KUR\u015eUN taraf\u0131ndan kar\u015f\u0131lanm\u0131\u015ft\u0131r.\" \/>\n<meta name=\"robots\" content=\"index, follow, max-snippet:-1, max-image-preview:large, max-video-preview:-1\" \/>\n<link rel=\"canonical\" href=\"https:\/\/ulukokkursun.com\/index.php\/referanslarimiz\/barbaros-hayrettin-pasa-cami-kursun-temini\/\" \/>\n<meta property=\"og:locale\" content=\"tr_TR\" \/>\n<meta property=\"og:type\" content=\"article\" \/>\n<meta property=\"og:title\" content=\"\u015eeyh \u015eaban-I Veli K\u00fclliyesi Kur\u015fun Temini - Uluk\u00f6k Kur\u015fun\" \/>\n<meta property=\"og:description\" content=\"K\u00fclliye b\u00fcnyesinde cami, t\u00fcrbe, dergah, k\u00fct\u00fcphane, asa suyu ve \u015fad\u0131rvan ile dergah evleri mevcuttur. Kur\u015fun Kubbe \u0130htiyac\u0131n\u0131 ULUK\u00d6K KUR\u015eUN taraf\u0131ndan kar\u015f\u0131lanm\u0131\u015ft\u0131r.\" \/>\n<meta property=\"og:url\" content=\"https:\/\/ulukokkursun.com\/index.php\/referanslarimiz\/barbaros-hayrettin-pasa-cami-kursun-temini\/\" \/>\n<meta property=\"og:site_name\" content=\"Uluk\u00f6k Kur\u015fun\" \/>\n<meta property=\"article:modified_time\" content=\"2022-12-05T08:17:06+00:00\" \/>\n<meta property=\"og:image\" content=\"https:\/\/ulukokkursun.com\/wp-content\/uploads\/2022\/10\/4-Seyh-.png\" \/>\n\t<meta property=\"og:image:width\" content=\"1110\" \/>\n\t<meta property=\"og:image:height\" content=\"500\" \/>\n\t<meta property=\"og:image:type\" content=\"image\/png\" \/>\n<meta name=\"twitter:card\" content=\"summary_large_image\" \/>\n<meta name=\"twitter:label1\" content=\"Tahmini okuma s\u00fcresi\" \/>\n\t<meta name=\"twitter:data1\" content=\"1 dakika\" \/>\n<script type=\"application\/ld+json\" class=\"yoast-schema-graph\">{\"@context\":\"https:\/\/schema.org\",\"@graph\":[{\"@type\":\"WebPage\",\"@id\":\"https:\/\/ulukokkursun.com\/index.php\/referanslarimiz\/barbaros-hayrettin-pasa-cami-kursun-temini\/\",\"url\":\"https:\/\/ulukokkursun.com\/index.php\/referanslarimiz\/barbaros-hayrettin-pasa-cami-kursun-temini\/\",\"name\":\"\u015eeyh \u015eaban-I Veli K\u00fclliyesi Kur\u015fun Temini - Uluk\u00f6k Kur\u015fun\",\"isPartOf\":{\"@id\":\"https:\/\/ulukokkursun.com\/#website\"},\"primaryImageOfPage\":{\"@id\":\"https:\/\/ulukokkursun.com\/index.php\/referanslarimiz\/barbaros-hayrettin-pasa-cami-kursun-temini\/#primaryimage\"},\"image\":{\"@id\":\"https:\/\/ulukokkursun.com\/index.php\/referanslarimiz\/barbaros-hayrettin-pasa-cami-kursun-temini\/#primaryimage\"},\"thumbnailUrl\":\"https:\/\/ulukokkursun.com\/wp-content\/uploads\/2022\/10\/4-Seyh-.png\",\"datePublished\":\"2022-10-26T08:04:38+00:00\",\"dateModified\":\"2022-12-05T08:17:06+00:00\",\"description\":\"K\u00fclliye b\u00fcnyesinde cami, t\u00fcrbe, dergah, k\u00fct\u00fcphane, asa suyu ve \u015fad\u0131rvan ile dergah evleri mevcuttur. Kur\u015fun Kubbe \u0130htiyac\u0131n\u0131 ULUK\u00d6K KUR\u015eUN taraf\u0131ndan kar\u015f\u0131lanm\u0131\u015ft\u0131r.\",\"breadcrumb\":{\"@id\":\"https:\/\/ulukokkursun.com\/index.php\/referanslarimiz\/barbaros-hayrettin-pasa-cami-kursun-temini\/#breadcrumb\"},\"inLanguage\":\"tr\",\"potentialAction\":[{\"@type\":\"ReadAction\",\"target\":[\"https:\/\/ulukokkursun.com\/index.php\/referanslarimiz\/barbaros-hayrettin-pasa-cami-kursun-temini\/\"]}]},{\"@type\":\"ImageObject\",\"inLanguage\":\"tr\",\"@id\":\"https:\/\/ulukokkursun.com\/index.php\/referanslarimiz\/barbaros-hayrettin-pasa-cami-kursun-temini\/#primaryimage\",\"url\":\"https:\/\/ulukokkursun.com\/wp-content\/uploads\/2022\/10\/4-Seyh-.png\",\"contentUrl\":\"https:\/\/ulukokkursun.com\/wp-content\/uploads\/2022\/10\/4-Seyh-.png\",\"width\":1110,\"height\":500,\"caption\":\"\u015eEYH \u015eABAN-I VEL\u0130 K\u00dcLL\u0130YES\u0130 KUR\u015eUN TEM\u0130N\u0130\"},{\"@type\":\"BreadcrumbList\",\"@id\":\"https:\/\/ulukokkursun.com\/index.php\/referanslarimiz\/barbaros-hayrettin-pasa-cami-kursun-temini\/#breadcrumb\",\"itemListElement\":[{\"@type\":\"ListItem\",\"position\":1,\"name\":\"Anasayfa\",\"item\":\"https:\/\/ulukokkursun.com\/\"},{\"@type\":\"ListItem\",\"position\":2,\"name\":\"Projects\",\"item\":\"https:\/\/ulukokkursun.com\/index.php\/referanslarimiz\/\"},{\"@type\":\"ListItem\",\"position\":3,\"name\":\"\u015eeyh \u015eaban-I Veli K\u00fclliyesi Kur\u015fun Temini\"}]},{\"@type\":\"WebSite\",\"@id\":\"https:\/\/ulukokkursun.com\/#website\",\"url\":\"https:\/\/ulukokkursun.com\/\",\"name\":\"Uluk\u00f6k Kur\u015fun\",\"description\":\"Huda Ak\u00fc, Kur\u015fun Levha\",\"potentialAction\":[{\"@type\":\"SearchAction\",\"target\":{\"@type\":\"EntryPoint\",\"urlTemplate\":\"https:\/\/ulukokkursun.com\/?s={search_term_string}\"},\"query-input\":{\"@type\":\"PropertyValueSpecification\",\"valueRequired\":true,\"valueName\":\"search_term_string\"}}],\"inLanguage\":\"tr\"}]}<\/script>\n<!-- \/ Yoast SEO plugin. -->","yoast_head_json":{"title":"\u015eeyh \u015eaban-I Veli K\u00fclliyesi Kur\u015fun Temini - Uluk\u00f6k Kur\u015fun","description":"K\u00fclliye b\u00fcnyesinde cami, t\u00fcrbe, dergah, k\u00fct\u00fcphane, asa suyu ve \u015fad\u0131rvan ile dergah evleri mevcuttur. Kur\u015fun Kubbe \u0130htiyac\u0131n\u0131 ULUK\u00d6K KUR\u015eUN taraf\u0131ndan kar\u015f\u0131lanm\u0131\u015ft\u0131r.","robots":{"index":"index","follow":"follow","max-snippet":"max-snippet:-1","max-image-preview":"max-image-preview:large","max-video-preview":"max-video-preview:-1"},"canonical":"https:\/\/ulukokkursun.com\/index.php\/referanslarimiz\/barbaros-hayrettin-pasa-cami-kursun-temini\/","og_locale":"tr_TR","og_type":"article","og_title":"\u015eeyh \u015eaban-I Veli K\u00fclliyesi Kur\u015fun Temini - Uluk\u00f6k Kur\u015fun","og_description":"K\u00fclliye b\u00fcnyesinde cami, t\u00fcrbe, dergah, k\u00fct\u00fcphane, asa suyu ve \u015fad\u0131rvan ile dergah evleri mevcuttur. Kur\u015fun Kubbe \u0130htiyac\u0131n\u0131 ULUK\u00d6K KUR\u015eUN taraf\u0131ndan kar\u015f\u0131lanm\u0131\u015ft\u0131r.","og_url":"https:\/\/ulukokkursun.com\/index.php\/referanslarimiz\/barbaros-hayrettin-pasa-cami-kursun-temini\/","og_site_name":"Uluk\u00f6k Kur\u015fun","article_modified_time":"2022-12-05T08:17:06+00:00","og_image":[{"width":1110,"height":500,"url":"https:\/\/ulukokkursun.com\/wp-content\/uploads\/2022\/10\/4-Seyh-.png","type":"image\/png"}],"twitter_card":"summary_large_image","twitter_misc":{"Tahmini okuma s\u00fcresi":"1 dakika"},"schema":{"@context":"https:\/\/schema.org","@graph":[{"@type":"WebPage","@id":"https:\/\/ulukokkursun.com\/index.php\/referanslarimiz\/barbaros-hayrettin-pasa-cami-kursun-temini\/","url":"https:\/\/ulukokkursun.com\/index.php\/referanslarimiz\/barbaros-hayrettin-pasa-cami-kursun-temini\/","name":"\u015eeyh \u015eaban-I Veli K\u00fclliyesi Kur\u015fun Temini - Uluk\u00f6k Kur\u015fun","isPartOf":{"@id":"https:\/\/ulukokkursun.com\/#website"},"primaryImageOfPage":{"@id":"https:\/\/ulukokkursun.com\/index.php\/referanslarimiz\/barbaros-hayrettin-pasa-cami-kursun-temini\/#primaryimage"},"image":{"@id":"https:\/\/ulukokkursun.com\/index.php\/referanslarimiz\/barbaros-hayrettin-pasa-cami-kursun-temini\/#primaryimage"},"thumbnailUrl":"https:\/\/ulukokkursun.com\/wp-content\/uploads\/2022\/10\/4-Seyh-.png","datePublished":"2022-10-26T08:04:38+00:00","dateModified":"2022-12-05T08:17:06+00:00","description":"K\u00fclliye b\u00fcnyesinde cami, t\u00fcrbe, dergah, k\u00fct\u00fcphane, asa suyu ve \u015fad\u0131rvan ile dergah evleri mevcuttur. Kur\u015fun Kubbe \u0130htiyac\u0131n\u0131 ULUK\u00d6K KUR\u015eUN taraf\u0131ndan kar\u015f\u0131lanm\u0131\u015ft\u0131r.","breadcrumb":{"@id":"https:\/\/ulukokkursun.com\/index.php\/referanslarimiz\/barbaros-hayrettin-pasa-cami-kursun-temini\/#breadcrumb"},"inLanguage":"tr","potentialAction":[{"@type":"ReadAction","target":["https:\/\/ulukokkursun.com\/index.php\/referanslarimiz\/barbaros-hayrettin-pasa-cami-kursun-temini\/"]}]},{"@type":"ImageObject","inLanguage":"tr","@id":"https:\/\/ulukokkursun.com\/index.php\/referanslarimiz\/barbaros-hayrettin-pasa-cami-kursun-temini\/#primaryimage","url":"https:\/\/ulukokkursun.com\/wp-content\/uploads\/2022\/10\/4-Seyh-.png","contentUrl":"https:\/\/ulukokkursun.com\/wp-content\/uploads\/2022\/10\/4-Seyh-.png","width":1110,"height":500,"caption":"\u015eEYH \u015eABAN-I VEL\u0130 K\u00dcLL\u0130YES\u0130 KUR\u015eUN TEM\u0130N\u0130"},{"@type":"BreadcrumbList","@id":"https:\/\/ulukokkursun.com\/index.php\/referanslarimiz\/barbaros-hayrettin-pasa-cami-kursun-temini\/#breadcrumb","itemListElement":[{"@type":"ListItem","position":1,"name":"Anasayfa","item":"https:\/\/ulukokkursun.com\/"},{"@type":"ListItem","position":2,"name":"Projects","item":"https:\/\/ulukokkursun.com\/index.php\/referanslarimiz\/"},{"@type":"ListItem","position":3,"name":"\u015eeyh \u015eaban-I Veli K\u00fclliyesi Kur\u015fun Temini"}]},{"@type":"WebSite","@id":"https:\/\/ulukokkursun.com\/#website","url":"https:\/\/ulukokkursun.com\/","name":"Uluk\u00f6k Kur\u015fun","description":"Huda Ak\u00fc, Kur\u015fun Levha","potentialAction":[{"@type":"SearchAction","target":{"@type":"EntryPoint","urlTemplate":"https:\/\/ulukokkursun.com\/?s={search_term_string}"},"query-input":{"@type":"PropertyValueSpecification","valueRequired":true,"valueName":"search_term_string"}}],"inLanguage":"tr"}]}},"_links":{"self":[{"href":"https:\/\/ulukokkursun.com\/index.php\/wp-json\/wp\/v2\/nproject\/195","targetHints":{"allow":["GET"]}}],"collection":[{"href":"https:\/\/ulukokkursun.com\/index.php\/wp-json\/wp\/v2\/nproject"}],"about":[{"href":"https:\/\/ulukokkursun.com\/index.php\/wp-json\/wp\/v2\/types\/nproject"}],"wp:featuredmedia":[{"embeddable":true,"href":"https:\/\/ulukokkursun.com\/index.php\/wp-json\/wp\/v2\/media\/1008"}],"wp:attachment":[{"href":"https:\/\/ulukokkursun.com\/index.php\/wp-json\/wp\/v2\/media?parent=195"}],"wp:term":[{"taxonomy":"nproject-category","embeddable":true,"href":"https:\/\/ulukokkursun.com\/index.php\/wp-json\/wp\/v2\/nproject-category?post=195"},{"taxonomy":"nproject-tag","embeddable":true,"href":"https:\/\/ulukokkursun.com\/index.php\/wp-json\/wp\/v2\/nproject-tag?post=195"}],"curies":[{"name":"wp","href":"https:\/\/api.w.org\/{rel}","templated":true}]}}