{"id":194,"date":"2022-11-26T00:00:43","date_gmt":"2022-11-26T00:00:43","guid":{"rendered":"https:\/\/ulukokkursun.com\/?post_type=nproject&#038;p=194"},"modified":"2024-01-12T15:14:38","modified_gmt":"2024-01-12T15:14:38","slug":"topkapi-sarayi-kursun-levha-tedarigi","status":"publish","type":"nproject","link":"https:\/\/ulukokkursun.com\/index.php\/referanslarimiz\/topkapi-sarayi-kursun-levha-tedarigi\/","title":{"rendered":"Topkap\u0131 Saray\u0131 Kur\u015fun Levha Temini"},"content":{"rendered":"<p>[vc_row][vc_column][vc_row_inner][vc_column_inner width=&#8221;1\/4&#8243;][vc_column_text]<\/p>\n<h3 style=\"font-size: 18px; margin-top: 5px;\">Topkap\u0131 Saray\u0131 Kur\u015fun Levha Temini<\/h3>\n<p>[\/vc_column_text][\/vc_column_inner][vc_column_inner width=&#8221;3\/4&#8243;][vc_column_text]<\/p>\n<p>&nbsp;<\/p>\n<p>Topkap\u0131 Saray\u0131 1478 Y\u0131l\u0131nda Fatih Sultan Mehmed Han Taraf\u0131ndan \u0130n\u015fa ettirilmi\u015ftir. Topkap\u0131 Saray\u0131\u2019n\u0131n en y\u00fcksek yap\u0131s\u0131 hi\u00e7 \u015f\u00fcphesiz ki Adalet Kulesi\u2019dir. Adaletiyle, merhametiyle, zekas\u0131yla ve bir \u00e7a\u011f\u0131 kapat\u0131p yeni bir \u00e7a\u011f a\u00e7mas\u0131yla bilinen Fatih Sultan Mehmet taraf\u0131ndan yapt\u0131r\u0131l\u0131r. <strong>Adalet Kulesi Kur\u015fun Kubbe ihtiyac\u0131n\u0131 <a href=\"https:\/\/ulukokkursun.com\/index.php\/ulukok-kursun-hakkimizda\/\">ULUK\u00d6K KUR\u015eUN<\/a> taraf\u0131ndan kar\u015f\u0131lanm\u0131\u015ft\u0131r.<\/strong><\/p>\n<p><b>Topkap\u0131 Saray\u0131<\/b>\u00a0(Osmanl\u0131 T\u00fcrk\u00e7esi: \u0637\u0648\u067e\u0642\u067e\u0648 \u0633\u0631\u0627\u064a\u0649),\u00a0\u0130stanbul\u00a0Sarayburnu&#8217;nda,\u00a0Osmanl\u0131 \u0130mparatorlu\u011fu&#8217;nun 600 y\u0131ll\u0131k tarihinin 400 y\u0131l\u0131 boyunca, devletin idare merkezi olarak kullan\u0131lan ve\u00a0Osmanl\u0131 padi\u015fahlar\u0131n\u0131n\u00a0ya\u015fad\u0131\u011f\u0131 sarayd\u0131r.<sup id=\"cite_ref-Center_of_Ottoman_Power_1-0\" class=\"reference\"><\/sup>\u00a0Bir zamanlar i\u00e7inde 4.000&#8217;e yak\u0131n insan ya\u015fam\u0131\u015ft\u0131r.<sup id=\"cite_ref-TheTravelersAtlas_2-0\" class=\"reference\"><\/sup><\/p>\n<p>Topkap\u0131 Saray\u0131\u00a0<a title=\"II. Mehmed\" href=\"https:\/\/tr.wikipedia.org\/wiki\/II._Mehmed\">Fatih Sultan Mehmed<\/a>\u00a0taraf\u0131ndan 1478\u2019de yapt\u0131r\u0131lm\u0131\u015f,\u00a0<a title=\"Abd\u00fclmecid\" href=\"https:\/\/tr.wikipedia.org\/wiki\/Abd%C3%BClmecid\">Abd\u00fclmecid<\/a>\u2019in\u00a0<a title=\"Dolmabah\u00e7e Saray\u0131\" href=\"https:\/\/tr.wikipedia.org\/wiki\/Dolmabah%C3%A7e_Saray%C4%B1\">Dolmabah\u00e7e Saray\u0131<\/a>\u2019n\u0131 yapt\u0131rmas\u0131na kadar yakla\u015f\u0131k 380 sene boyunca devletin idare merkezi ve Osmanl\u0131 padi\u015fahlar\u0131n\u0131n resmi ik\u00e2metg\u00e2h\u0131 olmu\u015ftur. Kurulu\u015f y\u0131llar\u0131nda yakla\u015f\u0131k 700.000 m\u00b2&#8217;lik bir alanda yer alan saray\u0131n bug\u00fcnk\u00fc alan\u0131 80.000 m\u00b2&#8217;dir <a href=\"https:\/\/tr.wikipedia.org\/wiki\/Topkap%C4%B1_Saray%C4%B1\">(Kaynak)<\/a>.<sup id=\"cite_ref-Topkap\u0131_Saray\u0131\u2019n\u0131n_K\u0131sa_Tarih\u00e7esi_3-0\" class=\"reference\"><\/sup><\/p>\n<p>[\/vc_column_text][\/vc_column_inner][\/vc_row_inner][vc_empty_space height=&#8221;40px&#8221;][vc_row_inner][vc_column_inner width=&#8221;1\/4&#8243;][vc_column_text]<\/p>\n<h3 style=\"font-size: 18px; margin-top: 5px;\">Kur\u015fun Levha<\/h3>\n<p>[\/vc_column_text][\/vc_column_inner][vc_column_inner width=&#8221;3\/4&#8243;][vc_column_text] Geri d\u00f6n\u00fc\u015ft\u00fcr\u00fclebilen bir malzeme olmas\u0131 nedeniyle deforme olan\u00a0<a href=\"https:\/\/ulukokkursun.com\/index.php\/kursun-levha\/\">kur\u015fun levhalar<\/a>, \u00f6nce tarihi yap\u0131lar\u0131n \u00e7at\u0131lar\u0131ndan s\u00f6k\u00fcl\u00fcyor, ard\u0131ndan 580 derece s\u0131cakl\u0131kta eritilerek kal\u0131plara al\u0131n\u0131yor. Kal\u0131ptan \u00e7\u0131kar\u0131ld\u0131ktan sonra hen\u00fcz s\u0131cakken haddehaneye getirilen kal\u0131plar, burada 1 metre eninde, 2 metre uzunlu\u011funda ve yakla\u015f\u0131k 2 milimetre kal\u0131nl\u0131\u011f\u0131nda 45 kiloluk levhalar haline getiriliyor. \u00dcretimi tamamlanan kur\u015fun levhalar, restorasyona ihtiyac\u0131 oldu\u011fu tespit edilen noktalara yerle\u015ftiriliyor.<\/p>\n<p>[\/vc_column_text][\/vc_column_inner][\/vc_row_inner][vc_empty_space height=&#8221;40px&#8221;][vc_row_inner][vc_column_inner width=&#8221;1\/4&#8243;][vc_column_text]<\/p>\n<h3 style=\"font-size: 18px; margin-top: 5px;\">Topkap\u0131 Saray\u0131 Kur\u015fun Levha<\/h3>\n<p>[\/vc_column_text][\/vc_column_inner][vc_column_inner width=&#8221;3\/4&#8243;][vc_column_text] Milli Saraylara ba\u011fl\u0131 Topkap\u0131 Saray\u0131n\u0131n kur\u015fun levha ihtiya\u00e7lar\u0131 Firmam\u0131z taraf\u0131ndan kar\u015f\u0131lanmaktad\u0131r.<\/p>\n<p>[\/vc_column_text][\/vc_column_inner][\/vc_row_inner][vc_empty_space height=&#8221;40px&#8221;][vc_row_inner][vc_column_inner width=&#8221;1\/4&#8243;][vc_column_text]<\/p>\n","protected":false},"excerpt":{"rendered":"<p>[vc_row][vc_column][vc_row_inner][vc_column_inner width=&#8221;1\/4&#8243;][vc_column_text] Topkap\u0131 Saray\u0131 Kur\u015fun Levha Temini [\/vc_column_text][\/vc_column_inner][vc_column_inner width=&#8221;3\/4&#8243;][vc_column_text] &nbsp; Topkap\u0131 Saray\u0131 1478 Y\u0131l\u0131nda Fatih Sultan Mehmed Han Taraf\u0131ndan \u0130n\u015fa ettirilmi\u015ftir. Topkap\u0131 Saray\u0131\u2019n\u0131n en y\u00fcksek yap\u0131s\u0131 hi\u00e7 \u015f\u00fcphesiz ki Adalet Kulesi\u2019dir. Adaletiyle, merhametiyle, zekas\u0131yla ve bir \u00e7a\u011f\u0131 kapat\u0131p yeni bir \u00e7a\u011f a\u00e7mas\u0131yla bilinen Fatih Sultan Mehmet taraf\u0131ndan yapt\u0131r\u0131l\u0131r. Adalet Kulesi Kur\u015fun Kubbe ihtiyac\u0131n\u0131 ULUK\u00d6K KUR\u015eUN [&hellip;]<\/p>\n","protected":false},"featured_media":995,"template":"","nproject-category":[43],"nproject-tag":[],"class_list":["post-194","nproject","type-nproject","status-publish","has-post-thumbnail","hentry","nproject-category-kursun-levha"],"yoast_head":"<!-- This site is optimized with the Yoast SEO plugin v26.5 - https:\/\/yoast.com\/wordpress\/plugins\/seo\/ -->\n<title>Topkap\u0131 Saray\u0131 Kur\u015fun Levha Temini - Uluk\u00f6k Kur\u015fun<\/title>\n<meta name=\"description\" content=\"Fatih Sultan Mehmet taraf\u0131ndan yapt\u0131r\u0131lan Topkap\u0131 Saray\u0131&#039;n\u0131n Adalet Kulesi Kur\u015fun Kubbe ihtiyac\u0131n\u0131 ULUK\u00d6K KUR\u015eUN taraf\u0131ndan kar\u015f\u0131lanm\u0131\u015ft\u0131r.\" \/>\n<meta name=\"robots\" content=\"index, follow, max-snippet:-1, max-image-preview:large, max-video-preview:-1\" \/>\n<link rel=\"canonical\" href=\"https:\/\/ulukokkursun.com\/index.php\/referanslarimiz\/topkapi-sarayi-kursun-levha-tedarigi\/\" \/>\n<meta property=\"og:locale\" content=\"tr_TR\" \/>\n<meta property=\"og:type\" content=\"article\" \/>\n<meta property=\"og:title\" content=\"Topkap\u0131 Saray\u0131 Kur\u015fun Levha Temini - Uluk\u00f6k Kur\u015fun\" \/>\n<meta property=\"og:description\" content=\"Fatih Sultan Mehmet taraf\u0131ndan yapt\u0131r\u0131lan Topkap\u0131 Saray\u0131&#039;n\u0131n Adalet Kulesi Kur\u015fun Kubbe ihtiyac\u0131n\u0131 ULUK\u00d6K KUR\u015eUN taraf\u0131ndan kar\u015f\u0131lanm\u0131\u015ft\u0131r.\" \/>\n<meta property=\"og:url\" content=\"https:\/\/ulukokkursun.com\/index.php\/referanslarimiz\/topkapi-sarayi-kursun-levha-tedarigi\/\" \/>\n<meta property=\"og:site_name\" content=\"Uluk\u00f6k Kur\u015fun\" \/>\n<meta property=\"article:modified_time\" content=\"2024-01-12T15:14:38+00:00\" \/>\n<meta property=\"og:image\" content=\"https:\/\/ulukokkursun.com\/wp-content\/uploads\/2022\/11\/Topkapi-Sarayi-Kursun-Levha-5.jpg\" \/>\n\t<meta property=\"og:image:width\" content=\"1080\" \/>\n\t<meta property=\"og:image:height\" content=\"1322\" \/>\n\t<meta property=\"og:image:type\" content=\"image\/jpeg\" \/>\n<meta name=\"twitter:card\" content=\"summary_large_image\" \/>\n<meta name=\"twitter:label1\" content=\"Tahmini okuma s\u00fcresi\" \/>\n\t<meta name=\"twitter:data1\" content=\"2 dakika\" \/>\n<script type=\"application\/ld+json\" class=\"yoast-schema-graph\">{\"@context\":\"https:\/\/schema.org\",\"@graph\":[{\"@type\":\"WebPage\",\"@id\":\"https:\/\/ulukokkursun.com\/index.php\/referanslarimiz\/topkapi-sarayi-kursun-levha-tedarigi\/\",\"url\":\"https:\/\/ulukokkursun.com\/index.php\/referanslarimiz\/topkapi-sarayi-kursun-levha-tedarigi\/\",\"name\":\"Topkap\u0131 Saray\u0131 Kur\u015fun Levha Temini - Uluk\u00f6k Kur\u015fun\",\"isPartOf\":{\"@id\":\"https:\/\/ulukokkursun.com\/#website\"},\"primaryImageOfPage\":{\"@id\":\"https:\/\/ulukokkursun.com\/index.php\/referanslarimiz\/topkapi-sarayi-kursun-levha-tedarigi\/#primaryimage\"},\"image\":{\"@id\":\"https:\/\/ulukokkursun.com\/index.php\/referanslarimiz\/topkapi-sarayi-kursun-levha-tedarigi\/#primaryimage\"},\"thumbnailUrl\":\"https:\/\/ulukokkursun.com\/wp-content\/uploads\/2022\/11\/Topkapi-Sarayi-Kursun-Levha-5.jpg\",\"datePublished\":\"2022-11-26T00:00:43+00:00\",\"dateModified\":\"2024-01-12T15:14:38+00:00\",\"description\":\"Fatih Sultan Mehmet taraf\u0131ndan yapt\u0131r\u0131lan Topkap\u0131 Saray\u0131'n\u0131n Adalet Kulesi Kur\u015fun Kubbe ihtiyac\u0131n\u0131 ULUK\u00d6K KUR\u015eUN taraf\u0131ndan kar\u015f\u0131lanm\u0131\u015ft\u0131r.\",\"breadcrumb\":{\"@id\":\"https:\/\/ulukokkursun.com\/index.php\/referanslarimiz\/topkapi-sarayi-kursun-levha-tedarigi\/#breadcrumb\"},\"inLanguage\":\"tr\",\"potentialAction\":[{\"@type\":\"ReadAction\",\"target\":[\"https:\/\/ulukokkursun.com\/index.php\/referanslarimiz\/topkapi-sarayi-kursun-levha-tedarigi\/\"]}]},{\"@type\":\"ImageObject\",\"inLanguage\":\"tr\",\"@id\":\"https:\/\/ulukokkursun.com\/index.php\/referanslarimiz\/topkapi-sarayi-kursun-levha-tedarigi\/#primaryimage\",\"url\":\"https:\/\/ulukokkursun.com\/wp-content\/uploads\/2022\/11\/Topkapi-Sarayi-Kursun-Levha-5.jpg\",\"contentUrl\":\"https:\/\/ulukokkursun.com\/wp-content\/uploads\/2022\/11\/Topkapi-Sarayi-Kursun-Levha-5.jpg\",\"width\":1080,\"height\":1322,\"caption\":\"Topkap\u0131 Saray\u0131 Kur\u015fun Levha Temini\"},{\"@type\":\"BreadcrumbList\",\"@id\":\"https:\/\/ulukokkursun.com\/index.php\/referanslarimiz\/topkapi-sarayi-kursun-levha-tedarigi\/#breadcrumb\",\"itemListElement\":[{\"@type\":\"ListItem\",\"position\":1,\"name\":\"Anasayfa\",\"item\":\"https:\/\/ulukokkursun.com\/\"},{\"@type\":\"ListItem\",\"position\":2,\"name\":\"Projects\",\"item\":\"https:\/\/ulukokkursun.com\/index.php\/referanslarimiz\/\"},{\"@type\":\"ListItem\",\"position\":3,\"name\":\"Topkap\u0131 Saray\u0131 Kur\u015fun Levha Temini\"}]},{\"@type\":\"WebSite\",\"@id\":\"https:\/\/ulukokkursun.com\/#website\",\"url\":\"https:\/\/ulukokkursun.com\/\",\"name\":\"Uluk\u00f6k Kur\u015fun\",\"description\":\"Huda Ak\u00fc, Kur\u015fun Levha\",\"potentialAction\":[{\"@type\":\"SearchAction\",\"target\":{\"@type\":\"EntryPoint\",\"urlTemplate\":\"https:\/\/ulukokkursun.com\/?s={search_term_string}\"},\"query-input\":{\"@type\":\"PropertyValueSpecification\",\"valueRequired\":true,\"valueName\":\"search_term_string\"}}],\"inLanguage\":\"tr\"}]}<\/script>\n<!-- \/ Yoast SEO plugin. -->","yoast_head_json":{"title":"Topkap\u0131 Saray\u0131 Kur\u015fun Levha Temini - Uluk\u00f6k Kur\u015fun","description":"Fatih Sultan Mehmet taraf\u0131ndan yapt\u0131r\u0131lan Topkap\u0131 Saray\u0131'n\u0131n Adalet Kulesi Kur\u015fun Kubbe ihtiyac\u0131n\u0131 ULUK\u00d6K KUR\u015eUN taraf\u0131ndan kar\u015f\u0131lanm\u0131\u015ft\u0131r.","robots":{"index":"index","follow":"follow","max-snippet":"max-snippet:-1","max-image-preview":"max-image-preview:large","max-video-preview":"max-video-preview:-1"},"canonical":"https:\/\/ulukokkursun.com\/index.php\/referanslarimiz\/topkapi-sarayi-kursun-levha-tedarigi\/","og_locale":"tr_TR","og_type":"article","og_title":"Topkap\u0131 Saray\u0131 Kur\u015fun Levha Temini - Uluk\u00f6k Kur\u015fun","og_description":"Fatih Sultan Mehmet taraf\u0131ndan yapt\u0131r\u0131lan Topkap\u0131 Saray\u0131'n\u0131n Adalet Kulesi Kur\u015fun Kubbe ihtiyac\u0131n\u0131 ULUK\u00d6K KUR\u015eUN taraf\u0131ndan kar\u015f\u0131lanm\u0131\u015ft\u0131r.","og_url":"https:\/\/ulukokkursun.com\/index.php\/referanslarimiz\/topkapi-sarayi-kursun-levha-tedarigi\/","og_site_name":"Uluk\u00f6k Kur\u015fun","article_modified_time":"2024-01-12T15:14:38+00:00","og_image":[{"width":1080,"height":1322,"url":"https:\/\/ulukokkursun.com\/wp-content\/uploads\/2022\/11\/Topkapi-Sarayi-Kursun-Levha-5.jpg","type":"image\/jpeg"}],"twitter_card":"summary_large_image","twitter_misc":{"Tahmini okuma s\u00fcresi":"2 dakika"},"schema":{"@context":"https:\/\/schema.org","@graph":[{"@type":"WebPage","@id":"https:\/\/ulukokkursun.com\/index.php\/referanslarimiz\/topkapi-sarayi-kursun-levha-tedarigi\/","url":"https:\/\/ulukokkursun.com\/index.php\/referanslarimiz\/topkapi-sarayi-kursun-levha-tedarigi\/","name":"Topkap\u0131 Saray\u0131 Kur\u015fun Levha Temini - Uluk\u00f6k Kur\u015fun","isPartOf":{"@id":"https:\/\/ulukokkursun.com\/#website"},"primaryImageOfPage":{"@id":"https:\/\/ulukokkursun.com\/index.php\/referanslarimiz\/topkapi-sarayi-kursun-levha-tedarigi\/#primaryimage"},"image":{"@id":"https:\/\/ulukokkursun.com\/index.php\/referanslarimiz\/topkapi-sarayi-kursun-levha-tedarigi\/#primaryimage"},"thumbnailUrl":"https:\/\/ulukokkursun.com\/wp-content\/uploads\/2022\/11\/Topkapi-Sarayi-Kursun-Levha-5.jpg","datePublished":"2022-11-26T00:00:43+00:00","dateModified":"2024-01-12T15:14:38+00:00","description":"Fatih Sultan Mehmet taraf\u0131ndan yapt\u0131r\u0131lan Topkap\u0131 Saray\u0131'n\u0131n Adalet Kulesi Kur\u015fun Kubbe ihtiyac\u0131n\u0131 ULUK\u00d6K KUR\u015eUN taraf\u0131ndan kar\u015f\u0131lanm\u0131\u015ft\u0131r.","breadcrumb":{"@id":"https:\/\/ulukokkursun.com\/index.php\/referanslarimiz\/topkapi-sarayi-kursun-levha-tedarigi\/#breadcrumb"},"inLanguage":"tr","potentialAction":[{"@type":"ReadAction","target":["https:\/\/ulukokkursun.com\/index.php\/referanslarimiz\/topkapi-sarayi-kursun-levha-tedarigi\/"]}]},{"@type":"ImageObject","inLanguage":"tr","@id":"https:\/\/ulukokkursun.com\/index.php\/referanslarimiz\/topkapi-sarayi-kursun-levha-tedarigi\/#primaryimage","url":"https:\/\/ulukokkursun.com\/wp-content\/uploads\/2022\/11\/Topkapi-Sarayi-Kursun-Levha-5.jpg","contentUrl":"https:\/\/ulukokkursun.com\/wp-content\/uploads\/2022\/11\/Topkapi-Sarayi-Kursun-Levha-5.jpg","width":1080,"height":1322,"caption":"Topkap\u0131 Saray\u0131 Kur\u015fun Levha Temini"},{"@type":"BreadcrumbList","@id":"https:\/\/ulukokkursun.com\/index.php\/referanslarimiz\/topkapi-sarayi-kursun-levha-tedarigi\/#breadcrumb","itemListElement":[{"@type":"ListItem","position":1,"name":"Anasayfa","item":"https:\/\/ulukokkursun.com\/"},{"@type":"ListItem","position":2,"name":"Projects","item":"https:\/\/ulukokkursun.com\/index.php\/referanslarimiz\/"},{"@type":"ListItem","position":3,"name":"Topkap\u0131 Saray\u0131 Kur\u015fun Levha Temini"}]},{"@type":"WebSite","@id":"https:\/\/ulukokkursun.com\/#website","url":"https:\/\/ulukokkursun.com\/","name":"Uluk\u00f6k Kur\u015fun","description":"Huda Ak\u00fc, Kur\u015fun Levha","potentialAction":[{"@type":"SearchAction","target":{"@type":"EntryPoint","urlTemplate":"https:\/\/ulukokkursun.com\/?s={search_term_string}"},"query-input":{"@type":"PropertyValueSpecification","valueRequired":true,"valueName":"search_term_string"}}],"inLanguage":"tr"}]}},"_links":{"self":[{"href":"https:\/\/ulukokkursun.com\/index.php\/wp-json\/wp\/v2\/nproject\/194","targetHints":{"allow":["GET"]}}],"collection":[{"href":"https:\/\/ulukokkursun.com\/index.php\/wp-json\/wp\/v2\/nproject"}],"about":[{"href":"https:\/\/ulukokkursun.com\/index.php\/wp-json\/wp\/v2\/types\/nproject"}],"wp:featuredmedia":[{"embeddable":true,"href":"https:\/\/ulukokkursun.com\/index.php\/wp-json\/wp\/v2\/media\/995"}],"wp:attachment":[{"href":"https:\/\/ulukokkursun.com\/index.php\/wp-json\/wp\/v2\/media?parent=194"}],"wp:term":[{"taxonomy":"nproject-category","embeddable":true,"href":"https:\/\/ulukokkursun.com\/index.php\/wp-json\/wp\/v2\/nproject-category?post=194"},{"taxonomy":"nproject-tag","embeddable":true,"href":"https:\/\/ulukokkursun.com\/index.php\/wp-json\/wp\/v2\/nproject-tag?post=194"}],"curies":[{"name":"wp","href":"https:\/\/api.w.org\/{rel}","templated":true}]}}